{"id":72,"date":"2025-01-06T13:50:39","date_gmt":"2025-01-06T13:50:39","guid":{"rendered":"http:\/\/localhost\/move\/?page_id=72"},"modified":"2025-12-18T16:15:56","modified_gmt":"2025-12-18T16:15:56","slug":"time-to-move","status":"publish","type":"page","link":"https:\/\/moveviaggi.com\/en\/time-to-move\/","title":{"rendered":"Time to move"},"content":{"rendered":"<div class=\"wpb-content-wrapper\"><div data-vc-full-width=\"true\" data-vc-full-width-temp=\"true\" data-vc-full-width-init=\"false\" data-vc-stretch-content=\"true\" class=\"vc_row wpb_row vc_row-fluid vc_row-no-padding\"><div class=\"wpb_column vc_column_container vc_col-sm-12\"><div class=\"vc_column-inner\"><div class=\"wpb_wrapper\"> \r\n\r\n\r\n<!-- time to move top  --> \r\n<section class=\"ttm_desc\" id=\"\">\r\n        <div class=\"container\">\r\n            <div class=\"ttm_desc_inner ttm_desc--container\">\r\n                <div class=\"img-holder ttm_desc--top text-center\">\r\n                    <img decoding=\"async\" class=\"img-fluid\"\r\n                         src=\"https:\/\/moveviaggi.com\/wp-content\/uploads\/2025\/12\/premiop.jpg\" alt=\"\"\/>\r\n                <\/div>\r\n                <div class=\"ttm_desc_content\"> \r\n                    Marted\u00ec 25 novembre alla 57\u00aa edizione dei prestigiosi Key Award, i pi\u00f9 longevi riconoscimenti italiani dedicati agli spot Radio e TV, a cui negli anni si sono aggiunte le categorie Web, Branded Entertainment e Podcast, il nostro podcast ha conquistato la giuria: un riconoscimento che ci spinge a viaggiare ancora pi\u00f9 lontano.\n\n \r\n                <\/div>\r\n            <\/div>\r\n        <\/div>\r\n<\/section>\r\n\r\n \r\n\r\n\r\n<!-- time to move top  --> \r\n<section class=\"ttm_desc\" id=\"\">\r\n        <div class=\"container\">\r\n            <div class=\"ttm_desc_inner ttm_desc--container\">\r\n                <div class=\"img-holder ttm_desc--top text-center\">\r\n                    <img decoding=\"async\" class=\"img-fluid\"\r\n                         src=\"https:\/\/moveviaggi.com\/wp-content\/uploads\/2025\/12\/Progetto-senza-titolo-1.jpg\" alt=\"\"\/>\r\n                <\/div>\r\n                <div class=\"ttm_desc_content\"> \r\n                    \n\n \r\n                <\/div>\r\n            <\/div>\r\n        <\/div>\r\n<\/section>\r\n\r\n\n\t<div class=\"wpb_text_column wpb_content_element\" >\n\t\t<div class=\"wpb_wrapper\">\n\t\t\t<p style=\"text-align: center;\"><strong>STAGIONE 1<\/strong><\/p>\n\n\t\t<\/div>\n\t<\/div>\n \r\n\r\n\r\n<!-- time to move top  --> \r\n<section class=\"ttm_video_grid gift_card_videos_clss\" id=\"\">\r\n        <div class=\"container\">\r\n            <div class=\"row\"> \r\n                \r\n                                            <!-- start item  --> \r\n                         \r\n                                <div class=\"col-sm-6 col-md-6 col-lg-4\">\r\n                                    <div class=\"ttm_video_grid_item\">\r\n                                        <div class=\"ttm_video_iframe\"> \r\n                                        \r\n                                            <iframe src=\"https:\/\/www.youtube.com\/embed\/PAGnoeJz6c4\"\r\n                                                title=\"TOMMASO ARRIGONI for #HOSCELTOMILANO\" frameborder=\"0\"\r\n                                                allow=\"accelerometer; autoplay; clipboard-write; encrypted-media; gyroscope; picture-in-picture; web-share\" referrerpolicy=\"strict-origin-when-cross-origin\" allowfullscreen>\r\n                                            <\/iframe>\r\n\r\n                                            \r\n                                        <\/div>\r\n                                        <div class=\"ttm_video_contents\">\r\n                                            <h5>episode -1 <\/h5>\r\n                                            <h4> Tommaso Arrigoni <\/h4>\r\n                                            <div class=\"ttm_video_p_title\">\r\n                                                <p>Travel and cooking with Tommaso Arrigoni<\/p>\r\n                                            <\/div>\r\n                                            <div class=\"ttm_video_content\">\r\n                                                <p>\nTommaso Arrigoni's cuisine: a journey through Japanese culture, where knives, tradition, and techniques passed down through generations come together. A shared passion for travel, an incredible friend who, through his craft and talent, has earned a Michelin star. A story of travel and determination that we are proud to share with you.\n<\/p>                                            <\/div>\r\n                                        <\/div>\r\n                                    <\/div>\r\n                                <\/div> \r\n                            <!-- end item  -->\r\n                                                        <!-- start item  --> \r\n                         \r\n                                <div class=\"col-sm-6 col-md-6 col-lg-4\">\r\n                                    <div class=\"ttm_video_grid_item\">\r\n                                        <div class=\"ttm_video_iframe\"> \r\n                                        \r\n                                            <iframe src=\"https:\/\/www.youtube.com\/embed\/tXiyat8BLRM\"\r\n                                                title=\"TOMMASO ARRIGONI for #HOSCELTOMILANO\" frameborder=\"0\"\r\n                                                allow=\"accelerometer; autoplay; clipboard-write; encrypted-media; gyroscope; picture-in-picture; web-share\" referrerpolicy=\"strict-origin-when-cross-origin\" allowfullscreen>\r\n                                            <\/iframe>\r\n\r\n                                            \r\n                                        <\/div>\r\n                                        <div class=\"ttm_video_contents\">\r\n                                            <h5>episode -2 <\/h5>\r\n                                            <h4> Stefano Gregoretti <\/h4>\r\n                                            <div class=\"ttm_video_p_title\">\r\n                                                <p>Stefano Gregoretti, a next-level traveller<\/p>\r\n                                            <\/div>\r\n                                            <div class=\"ttm_video_content\">\r\n                                                <p>\nStefano Gregoretti inspired us by sharing his truly astonishing feats. His determination to break his own records and even challenge extreme weather conditions reminded us that with persistence and training, we can all become next-level travelers. From the scorching heat of Death Valley in summer to the ice and cold of the most remote destinations on Earth, nothing can stop Stefano. Discover more in the second episode of Time to Move, now live on our channels.\n<\/p>                                            <\/div>\r\n                                        <\/div>\r\n                                    <\/div>\r\n                                <\/div> \r\n                            <!-- end item  -->\r\n                                                        <!-- start item  --> \r\n                         \r\n                                <div class=\"col-sm-6 col-md-6 col-lg-4\">\r\n                                    <div class=\"ttm_video_grid_item\">\r\n                                        <div class=\"ttm_video_iframe\"> \r\n                                        \r\n                                            <iframe src=\"https:\/\/www.youtube.com\/embed\/gmtOSIWxuXg\"\r\n                                                title=\"TOMMASO ARRIGONI for #HOSCELTOMILANO\" frameborder=\"0\"\r\n                                                allow=\"accelerometer; autoplay; clipboard-write; encrypted-media; gyroscope; picture-in-picture; web-share\" referrerpolicy=\"strict-origin-when-cross-origin\" allowfullscreen>\r\n                                            <\/iframe>\r\n\r\n                                            \r\n                                        <\/div>\r\n                                        <div class=\"ttm_video_contents\">\r\n                                            <h5>episode -3 <\/h5>\r\n                                            <h4> Giada Todesco <\/h4>\r\n                                            <div class=\"ttm_video_p_title\">\r\n                                                <p> Travel and wellness with Giada Todesco<\/p>\r\n                                            <\/div>\r\n                                            <div class=\"ttm_video_content\">\r\n                                                <p>\nPhysical well-being and healthy, balanced nutrition. The quest to feel good through a lifestyle that is completely in line with our body's needs.\n\nGiada Todesco, as well as being our third very nice guest, tells us about her passion for wellness and her essence as a 'Comfortable' traveller. We explore with her her favourite destinations and her way of travelling, always in search of comfort. The mishaps? There have been those too!\n\nThe third episode of our Vodcast is now live.\n<\/p>                                            <\/div>\r\n                                        <\/div>\r\n                                    <\/div>\r\n                                <\/div> \r\n                            <!-- end item  -->\r\n                                                        <!-- start item  --> \r\n                         \r\n                                <div class=\"col-sm-6 col-md-6 col-lg-4\">\r\n                                    <div class=\"ttm_video_grid_item\">\r\n                                        <div class=\"ttm_video_iframe\"> \r\n                                        \r\n                                            <iframe src=\"https:\/\/www.youtube.com\/embed\/2BiunLNzEJ0\"\r\n                                                title=\"TOMMASO ARRIGONI for #HOSCELTOMILANO\" frameborder=\"0\"\r\n                                                allow=\"accelerometer; autoplay; clipboard-write; encrypted-media; gyroscope; picture-in-picture; web-share\" referrerpolicy=\"strict-origin-when-cross-origin\" allowfullscreen>\r\n                                            <\/iframe>\r\n\r\n                                            \r\n                                        <\/div>\r\n                                        <div class=\"ttm_video_contents\">\r\n                                            <h5>episode -4 <\/h5>\r\n                                            <h4> Stefano Tiozzo <\/h4>\r\n                                            <div class=\"ttm_video_p_title\">\r\n                                                <p>Photography by Stefano Tiozzo<\/p>\r\n                                            <\/div>\r\n                                            <div class=\"ttm_video_content\">\r\n                                                <p>\nStefano Tiozzo, landscape photographer, tells us about his great passion: immortalising the most magical moments of nature, in its most total naturalness.\nThe purity of a landscape, a lifelong journey in the most boundless territories but also in the most fascinating cities. A special encounter in Russia, which has since positively marked his life.\n\nThe fourth episode of our Vodcast is now live.\n<\/p>                                            <\/div>\r\n                                        <\/div>\r\n                                    <\/div>\r\n                                <\/div> \r\n                            <!-- end item  -->\r\n                                                        <!-- start item  --> \r\n                         \r\n                                <div class=\"col-sm-6 col-md-6 col-lg-4\">\r\n                                    <div class=\"ttm_video_grid_item\">\r\n                                        <div class=\"ttm_video_iframe\"> \r\n                                        \r\n                                            <iframe src=\"https:\/\/www.youtube.com\/embed\/weFYadXqXjM\"\r\n                                                title=\"TOMMASO ARRIGONI for #HOSCELTOMILANO\" frameborder=\"0\"\r\n                                                allow=\"accelerometer; autoplay; clipboard-write; encrypted-media; gyroscope; picture-in-picture; web-share\" referrerpolicy=\"strict-origin-when-cross-origin\" allowfullscreen>\r\n                                            <\/iframe>\r\n\r\n                                            \r\n                                        <\/div>\r\n                                        <div class=\"ttm_video_contents\">\r\n                                            <h5>episode -5 <\/h5>\r\n                                            <h4> Natalia Resmini <\/h4>\r\n                                            <div class=\"ttm_video_p_title\">\r\n                                                <p>The waves and art of Natalia Resmini<\/p>\r\n                                            <\/div>\r\n                                            <div class=\"ttm_video_content\">\r\n                                                <p>\nNatalia Resmini tells Parods about her talent and her many passions: from the energy of the waves, ridden on her surfboard, which have allowed her to travel to the world's most paradisiacal destinations, to art, with her illustrations.\n\nHer passion for the world of fashion and a bag that has become her travelling companion.\n\nDiscover the fifth episode of Time to Move now live on our channels.\n<\/p>                                            <\/div>\r\n                                        <\/div>\r\n                                    <\/div>\r\n                                <\/div> \r\n                            <!-- end item  -->\r\n                                                        <!-- start item  --> \r\n                         \r\n                                <div class=\"col-sm-6 col-md-6 col-lg-4\">\r\n                                    <div class=\"ttm_video_grid_item\">\r\n                                        <div class=\"ttm_video_iframe\"> \r\n                                        \r\n                                            <iframe src=\"https:\/\/www.youtube.com\/embed\/A5r00dJt_5s\"\r\n                                                title=\"TOMMASO ARRIGONI for #HOSCELTOMILANO\" frameborder=\"0\"\r\n                                                allow=\"accelerometer; autoplay; clipboard-write; encrypted-media; gyroscope; picture-in-picture; web-share\" referrerpolicy=\"strict-origin-when-cross-origin\" allowfullscreen>\r\n                                            <\/iframe>\r\n\r\n                                            \r\n                                        <\/div>\r\n                                        <div class=\"ttm_video_contents\">\r\n                                            <h5>episode -6 <\/h5>\r\n                                            <h4> Pietro Franzese <\/h4>\r\n                                            <div class=\"ttm_video_p_title\">\r\n                                                <p>Cycle tourism with Pietro Franzese<\/p>\r\n                                            <\/div>\r\n                                            <div class=\"ttm_video_content\">\r\n                                                <p>\nPietro Franzese tells us about his greatest passion: the bicycle, his most trusted travelling companion. Moving with the most ecological and silent means of transport, he shared with Parods the pros and cons of his travels. A sharing of different ideas with two characters who, yes, move by totally different means, but who have also promised each other a bike ride together.\n\nThe important thing is to get around, isn't it?\n\nWe are now live with the sixth episode of Time to Move!\n<\/p>                                            <\/div>\r\n                                        <\/div>\r\n                                    <\/div>\r\n                                <\/div> \r\n                            <!-- end item  -->\r\n                                                        <!-- start item  --> \r\n                         \r\n                                <div class=\"col-sm-6 col-md-6 col-lg-4\">\r\n                                    <div class=\"ttm_video_grid_item\">\r\n                                        <div class=\"ttm_video_iframe\"> \r\n                                        \r\n                                            <iframe src=\"https:\/\/www.youtube.com\/embed\/Kzh8e6bmrUk\"\r\n                                                title=\"TOMMASO ARRIGONI for #HOSCELTOMILANO\" frameborder=\"0\"\r\n                                                allow=\"accelerometer; autoplay; clipboard-write; encrypted-media; gyroscope; picture-in-picture; web-share\" referrerpolicy=\"strict-origin-when-cross-origin\" allowfullscreen>\r\n                                            <\/iframe>\r\n\r\n                                            \r\n                                        <\/div>\r\n                                        <div class=\"ttm_video_contents\">\r\n                                            <h5>episode -7 <\/h5>\r\n                                            <h4> Mariano Di Vaio <\/h4>\r\n                                            <div class=\"ttm_video_p_title\">\r\n                                                <p>Mariano Di Vaio's passion for travel<\/p>\r\n                                            <\/div>\r\n                                            <div class=\"ttm_video_content\">\r\n                                                <p>\nOne of the most followed influencers in Italy, Mariano Di Vaio, talks about himself as a traveller, his passion for golf and his experiences travelling with his family.\n\nDespite his hectic life, travelling since the age of 18 between London and New York, Mariano chose to stay in his native Umbria, where he still lives today. He tells us about his wonderful family, his passions and his heartfelt travels.\n\nThe seventh episode of Time to Move, our travel-focused vodcast, is now live.\n<\/p>                                            <\/div>\r\n                                        <\/div>\r\n                                    <\/div>\r\n                                <\/div> \r\n                            <!-- end item  -->\r\n                                                        <!-- start item  --> \r\n                         \r\n                                <div class=\"col-sm-6 col-md-6 col-lg-4\">\r\n                                    <div class=\"ttm_video_grid_item\">\r\n                                        <div class=\"ttm_video_iframe\"> \r\n                                        \r\n                                            <iframe src=\"https:\/\/www.youtube.com\/embed\/K9t_BCL93fw\"\r\n                                                title=\"TOMMASO ARRIGONI for #HOSCELTOMILANO\" frameborder=\"0\"\r\n                                                allow=\"accelerometer; autoplay; clipboard-write; encrypted-media; gyroscope; picture-in-picture; web-share\" referrerpolicy=\"strict-origin-when-cross-origin\" allowfullscreen>\r\n                                            <\/iframe>\r\n\r\n                                            \r\n                                        <\/div>\r\n                                        <div class=\"ttm_video_contents\">\r\n                                            <h5>episode -8 <\/h5>\r\n                                            <h4> Federica Monacelli <\/h4>\r\n                                            <div class=\"ttm_video_p_title\">\r\n                                                <p>Boxing and travel with Federica Monacelli <\/p>\r\n                                            <\/div>\r\n                                            <div class=\"ttm_video_content\">\r\n                                                <p>\nFederica Monacelli has always had a passion for sport. Now a boxer, with a past as a tennis player, she tells us her story as a sportswoman through her travels around the world.\n\nWith dedication, passion and sportsmanship, she entered the gym almost by chance and met the greatest love of her life: boxing. She tells us about a mishap while travelling and how, shortly afterwards, she found a mysterious stone in her bag.\n\nFind out more in our eighth and LAST episode of Time to Move, now live on our channels.\n<\/p>                                            <\/div>\r\n                                        <\/div>\r\n                                    <\/div>\r\n                                <\/div> \r\n                            <!-- end item  -->\r\n                             \r\n\r\n            <\/div>\r\n        <\/div>\r\n    <\/section>\r\n\r\n\r\n\r\n\n\t<div class=\"wpb_text_column wpb_content_element\" >\n\t\t<div class=\"wpb_wrapper\">\n\t\t\t<p style=\"text-align: center;\"><strong>STAGIONE 2<\/strong><\/p>\n\n\t\t<\/div>\n\t<\/div>\n \r\n\r\n\r\n<!-- time to move top  --> \r\n<section class=\"ttm_video_grid gift_card_videos_clss\" id=\"\">\r\n        <div class=\"container\">\r\n            <div class=\"row\"> \r\n                \r\n                                            <!-- start item  --> \r\n                         \r\n                                <div class=\"col-sm-6 col-md-6 col-lg-4\">\r\n                                    <div class=\"ttm_video_grid_item\">\r\n                                        <div class=\"ttm_video_iframe\"> \r\n                                        \r\n                                            <iframe src=\"https:\/\/www.youtube.com\/embed\/tScH5vAGUEU\"\r\n                                                title=\"TOMMASO ARRIGONI for #HOSCELTOMILANO\" frameborder=\"0\"\r\n                                                allow=\"accelerometer; autoplay; clipboard-write; encrypted-media; gyroscope; picture-in-picture; web-share\" referrerpolicy=\"strict-origin-when-cross-origin\" allowfullscreen>\r\n                                            <\/iframe>\r\n\r\n                                            \r\n                                        <\/div>\r\n                                        <div class=\"ttm_video_contents\">\r\n                                            <h5>episode -1 <\/h5>\r\n                                            <h4> Fabio De Vivo <\/h4>\r\n                                            <div class=\"ttm_video_p_title\">\r\n                                                <p>Radio, sport estremi e viaggi con Fabio De Vivo<\/p>\r\n                                            <\/div>\r\n                                            <div class=\"ttm_video_content\">\r\n                                                <p>\nFabio de Vivo\u2060, Radiofonico e appassionato di sport estremi, si racconta a Roberto Parodi condividendo il suo viaggio di vita, dall\u2019infanzia nella sua citt\u00e0 natale, Napoli, agli inizi della sua carriera in radio, dall\u2019arrampicata ferrata alle mete del cuore, che ha visitato e che vorrebbe visitare in futuro. \nScopri di pi\u00f9 guardando e ascoltando la prima puntata della seconda stagione di Time to Move, ora live sui nostri canali.\n<\/p>                                            <\/div>\r\n                                        <\/div>\r\n                                    <\/div>\r\n                                <\/div> \r\n                            <!-- end item  -->\r\n                                                        <!-- start item  --> \r\n                         \r\n                                <div class=\"col-sm-6 col-md-6 col-lg-4\">\r\n                                    <div class=\"ttm_video_grid_item\">\r\n                                        <div class=\"ttm_video_iframe\"> \r\n                                        \r\n                                            <iframe src=\"https:\/\/www.youtube.com\/embed\/RnipFp47hIo\"\r\n                                                title=\"TOMMASO ARRIGONI for #HOSCELTOMILANO\" frameborder=\"0\"\r\n                                                allow=\"accelerometer; autoplay; clipboard-write; encrypted-media; gyroscope; picture-in-picture; web-share\" referrerpolicy=\"strict-origin-when-cross-origin\" allowfullscreen>\r\n                                            <\/iframe>\r\n\r\n                                            \r\n                                        <\/div>\r\n                                        <div class=\"ttm_video_contents\">\r\n                                            <h5>episode -2 <\/h5>\r\n                                            <h4> Natalia Mastrota <\/h4>\r\n                                            <div class=\"ttm_video_p_title\">\r\n                                                <p>Natalia Mastrota, una storia di vita e sport tra le cime di Bormio<\/p>\r\n                                            <\/div>\r\n                                            <div class=\"ttm_video_content\">\r\n                                                <p>\nNatalia ha respirato sport fin da bambina, crescendo tra Milano e le avventure in montagna con il pap\u00e0. A 16 anni ha lasciato tutto per inseguire un sogno: vivere e allenarsi tra le cime a Bormio.\nOggi \u00e8 trail runner e sci alpinista, affronta gare da 100 km e 14 ore con temperature estreme.\n\nNel nostro podcast ci racconta del suo progetto \"NAT to the summit\" \u2013 bici, corsa e arrampicata per raggiungere una vetta partendo dal mare \u2013 e dei suoi prossimi viaggi in Corea e Hong Kong. \nL\u2019avventura comincia qui. \n\nScopri di pi\u00f9 guardando e ascoltando la seconda puntata della seconda stagione di Time to Move, ora disponibile sui nostri canali.\n\n<\/p>                                            <\/div>\r\n                                        <\/div>\r\n                                    <\/div>\r\n                                <\/div> \r\n                            <!-- end item  -->\r\n                                                        <!-- start item  --> \r\n                         \r\n                                <div class=\"col-sm-6 col-md-6 col-lg-4\">\r\n                                    <div class=\"ttm_video_grid_item\">\r\n                                        <div class=\"ttm_video_iframe\"> \r\n                                        \r\n                                            <iframe src=\"https:\/\/www.youtube.com\/embed\/FzRn5YKM53k\"\r\n                                                title=\"TOMMASO ARRIGONI for #HOSCELTOMILANO\" frameborder=\"0\"\r\n                                                allow=\"accelerometer; autoplay; clipboard-write; encrypted-media; gyroscope; picture-in-picture; web-share\" referrerpolicy=\"strict-origin-when-cross-origin\" allowfullscreen>\r\n                                            <\/iframe>\r\n\r\n                                            \r\n                                        <\/div>\r\n                                        <div class=\"ttm_video_contents\">\r\n                                            <h5>episode -3 <\/h5>\r\n                                            <h4> Romolo Ranieri <\/h4>\r\n                                            <div class=\"ttm_video_p_title\">\r\n                                                <p>Vela, viaggi e nuove rotte con Romolo Ranieri<\/p>\r\n                                            <\/div>\r\n                                            <div class=\"ttm_video_content\">\r\n                                                <p>\nRomolo \u00e8 partito da una laurea in Economia e una vita scandita da disciplina e gioco di squadra con la sua passione per il rugby. Poi un infortunio, la voglia di competere ancora\u2026 e una chiamata che cambia tutto: lo vogliono a bordo di una barca di Coppa America.\n\nDal 1996 al 2007 regata tra le onde, vive in Nuova Zelanda con il team, immerso in sport, natura e silenzi.\nNel 2001 disegna un piccolo pesce sul bulbo della barca Luna Rossa. Quel disegno diventa iconico, stampato su vele e caschi per 20 anni. Oggi \u00e8 il cuore del suo brand: Badass Fish. Una storia di vento, passione e nuove rotte.\n\nScopri di pi\u00f9 guardando e ascoltando la terza puntata della seconda stagione di Time to Move, ora disponibile sui nostri canali.\n\n<\/p>                                            <\/div>\r\n                                        <\/div>\r\n                                    <\/div>\r\n                                <\/div> \r\n                            <!-- end item  -->\r\n                                                        <!-- start item  --> \r\n                         \r\n                                <div class=\"col-sm-6 col-md-6 col-lg-4\">\r\n                                    <div class=\"ttm_video_grid_item\">\r\n                                        <div class=\"ttm_video_iframe\"> \r\n                                        \r\n                                            <iframe src=\"https:\/\/www.youtube.com\/embed\/uAcPjYzAB8o\"\r\n                                                title=\"TOMMASO ARRIGONI for #HOSCELTOMILANO\" frameborder=\"0\"\r\n                                                allow=\"accelerometer; autoplay; clipboard-write; encrypted-media; gyroscope; picture-in-picture; web-share\" referrerpolicy=\"strict-origin-when-cross-origin\" allowfullscreen>\r\n                                            <\/iframe>\r\n\r\n                                            \r\n                                        <\/div>\r\n                                        <div class=\"ttm_video_contents\">\r\n                                            <h5>episode -4 <\/h5>\r\n                                            <h4> Francesca D'Alonzo <\/h4>\r\n                                            <div class=\"ttm_video_p_title\">\r\n                                                <p> Avventura e orizzonti lontani con Francesca D'Alonzo<\/p>\r\n                                            <\/div>\r\n                                            <div class=\"ttm_video_content\">\r\n                                                <p>\nNel 2020 vede una moto per la prima volta. \u00c8 un colpo di fulmine. \n\nDa l\u00ec, Francesca, trasforma la passione per l\u2019ignoto nel suo stile di vita: in sella dall\u2019Italia fino all\u2019India, passando per Iran, Iraq, Turchia e Afghanistan.\nOgni tappa \u00e8 una sfida, ogni strada una lezione. \nCon il fidanzato Amedeo scopre la polvere dell\u2019Asia e il caos del traffico indiano. In Afghanistan, affronta anche il peso di essere donna in una cultura che la guarda diversamente.\n\nFrancesca ci racconta perch\u00e9 ha bisogno di vedere con i propri occhi quei luoghi che spesso ci arrivano solo filtrati. E sogna gi\u00e0 nuove rotte verso Sudafrica e oltre. \n\nStorie di polvere, libert\u00e0 e orizzonti lontani. \n\nScopri di pi\u00f9 guardando e ascoltando la quarta puntata della seconda stagione di Time to Move, ora disponibile sui nostri canali.\n\n<\/p>                                            <\/div>\r\n                                        <\/div>\r\n                                    <\/div>\r\n                                <\/div> \r\n                            <!-- end item  -->\r\n                                                        <!-- start item  --> \r\n                         \r\n                                <div class=\"col-sm-6 col-md-6 col-lg-4\">\r\n                                    <div class=\"ttm_video_grid_item\">\r\n                                        <div class=\"ttm_video_iframe\"> \r\n                                        \r\n                                            <iframe src=\"https:\/\/www.youtube.com\/embed\/LvbEP5gLqWM\"\r\n                                                title=\"TOMMASO ARRIGONI for #HOSCELTOMILANO\" frameborder=\"0\"\r\n                                                allow=\"accelerometer; autoplay; clipboard-write; encrypted-media; gyroscope; picture-in-picture; web-share\" referrerpolicy=\"strict-origin-when-cross-origin\" allowfullscreen>\r\n                                            <\/iframe>\r\n\r\n                                            \r\n                                        <\/div>\r\n                                        <div class=\"ttm_video_contents\">\r\n                                            <h5>episode -5 <\/h5>\r\n                                            <h4> Valerio e Fabrizio - I Two Twins <\/h4>\r\n                                            <div class=\"ttm_video_p_title\">\r\n                                                <p>Dal treno ai riflettori: il viaggio dei Two Twins, Fabrizio e Valerio<\/p>\r\n                                            <\/div>\r\n                                            <div class=\"ttm_video_content\">\r\n                                                <p>\nFabrizio e Valerio sono gemelli, ma ognuno con la propria energia: uno impulsivo, l\u2019altro riflessivo. Insieme hanno costruito una carriera a 360\u00b0 nel mondo dell\u2019entertainment \u2013 tra radio, TV, eventi, DJ set e anche\u2026 Pechino Express in Cina, Thailandia e Corea del Sud.\nDa Porto San Giorgio a Milano, tutto \u00e8 iniziato su un Intercity Notte 758. Un treno, un sogno, e la voglia di spaccare. Essere gemelli? A volte complicato, ma spesso un superpotere: sono una squadra, sempre.\n\nUna storia di viaggi, palchi e identit\u00e0. Scopri di pi\u00f9 guardando e ascoltando la quinta puntata della seconda stagione di Time to Move, ora disponibile sui nostri canali.\n\n<\/p>                                            <\/div>\r\n                                        <\/div>\r\n                                    <\/div>\r\n                                <\/div> \r\n                            <!-- end item  -->\r\n                                                        <!-- start item  --> \r\n                         \r\n                                <div class=\"col-sm-6 col-md-6 col-lg-4\">\r\n                                    <div class=\"ttm_video_grid_item\">\r\n                                        <div class=\"ttm_video_iframe\"> \r\n                                        \r\n                                            <iframe src=\"https:\/\/www.youtube.com\/embed\/7IcPup2fxdU\"\r\n                                                title=\"TOMMASO ARRIGONI for #HOSCELTOMILANO\" frameborder=\"0\"\r\n                                                allow=\"accelerometer; autoplay; clipboard-write; encrypted-media; gyroscope; picture-in-picture; web-share\" referrerpolicy=\"strict-origin-when-cross-origin\" allowfullscreen>\r\n                                            <\/iframe>\r\n\r\n                                            \r\n                                        <\/div>\r\n                                        <div class=\"ttm_video_contents\">\r\n                                            <h5>episode -6 <\/h5>\r\n                                            <h4> Patrizia Bruno <\/h4>\r\n                                            <div class=\"ttm_video_p_title\">\r\n                                                <p>Zaini, ghiacci e savane: il viaggio di Patrizia Bruno<\/p>\r\n                                            <\/div>\r\n                                            <div class=\"ttm_video_content\">\r\n                                                <p>\nPatrizia Bruno, regista e documentarista dal Piemonte, oggi vive a Biarritz. Con una vecchia Hyundai 4x4 ha attraversato l\u2019Africa fino alla Guinea Bissau in un viaggio overland di 5 mesi. Da l\u00ec nasce GUTS, un film in uscita quest\u2019estate: storie di donne che restano, resistono e trasformano la loro terra.\n\nHa vissuto tra i ghiacci della Groenlandia con un cacciatore-pescatore per raccontare il cambiamento climatico da vicino. E ha lasciato un pezzo di cuore in Indonesia. \n\nIn questa puntata ci porta con s\u00e9 tra avventure, disavventure\u2026 e l\u2019oggetto che non manca mai nei suoi zaini. Una vita in viaggio, tra coraggio e visioni. \n\nScopri di pi\u00f9 guardando e ascoltando la sesta puntata della seconda stagione di Time to Move, ora disponibile sui nostri canali.\n\n<\/p>                                            <\/div>\r\n                                        <\/div>\r\n                                    <\/div>\r\n                                <\/div> \r\n                            <!-- end item  -->\r\n                                                        <!-- start item  --> \r\n                         \r\n                                <div class=\"col-sm-6 col-md-6 col-lg-4\">\r\n                                    <div class=\"ttm_video_grid_item\">\r\n                                        <div class=\"ttm_video_iframe\"> \r\n                                        \r\n                                            <iframe src=\"https:\/\/www.youtube.com\/embed\/GUEf9Cft3RQ\"\r\n                                                title=\"TOMMASO ARRIGONI for #HOSCELTOMILANO\" frameborder=\"0\"\r\n                                                allow=\"accelerometer; autoplay; clipboard-write; encrypted-media; gyroscope; picture-in-picture; web-share\" referrerpolicy=\"strict-origin-when-cross-origin\" allowfullscreen>\r\n                                            <\/iframe>\r\n\r\n                                            \r\n                                        <\/div>\r\n                                        <div class=\"ttm_video_contents\">\r\n                                            <h5>episode -7 <\/h5>\r\n                                            <h4> Sofia Montagna <\/h4>\r\n                                            <div class=\"ttm_video_p_title\">\r\n                                                <p>Maratone, fornelli e buona energia - la corsa di Sofia Montagna<\/p>\r\n                                            <\/div>\r\n                                            <div class=\"ttm_video_content\">\r\n                                                Sofia Montagna \u00e8 una content creator che condivide una vita attiva tra sport, cucina, viaggi e tanta energia positiva. Corre da sempre, ha completato la Maratona di New York \u2013 tra sudore, cartelloni motivazionali e applausi indimenticabili.\nNei suoi contenuti racconta come stare bene parta dalle piccole cose: un allenamento che ti piace, un pasto fatto con cura, una corsa con Eaton. Ha provato anche a convincere Roberto a unirsi a questo stile di vita (ci sar\u00e0 riuscita?).\nDal Sud America alla routine quotidiana, Sofia ci porta nel suo mondo fatto di movimento, natura e community.\nPerch\u00e9 stare bene\u2026 si pu\u00f2. \n\nScopri di pi\u00f9 guardando e ascoltando la settima puntata della seconda stagione di Time to Move, ora disponibile sui nostri canali.                                            <\/div>\r\n                                        <\/div>\r\n                                    <\/div>\r\n                                <\/div> \r\n                            <!-- end item  -->\r\n                                                        <!-- start item  --> \r\n                         \r\n                                <div class=\"col-sm-6 col-md-6 col-lg-4\">\r\n                                    <div class=\"ttm_video_grid_item\">\r\n                                        <div class=\"ttm_video_iframe\"> \r\n                                        \r\n                                            <iframe src=\"https:\/\/www.youtube.com\/embed\/Z5ouQ28hRjA\"\r\n                                                title=\"TOMMASO ARRIGONI for #HOSCELTOMILANO\" frameborder=\"0\"\r\n                                                allow=\"accelerometer; autoplay; clipboard-write; encrypted-media; gyroscope; picture-in-picture; web-share\" referrerpolicy=\"strict-origin-when-cross-origin\" allowfullscreen>\r\n                                            <\/iframe>\r\n\r\n                                            \r\n                                        <\/div>\r\n                                        <div class=\"ttm_video_contents\">\r\n                                            <h5>episode -8 <\/h5>\r\n                                            <h4> Monica Boggioni <\/h4>\r\n                                            <div class=\"ttm_video_p_title\">\r\n                                                <p>Monica nuota lontano \u2013 tra sogni, scienza e futuro<\/p>\r\n                                            <\/div>\r\n                                            <div class=\"ttm_video_content\">\r\n                                                Monica Boggioni ha iniziato a nuotare da bambina per motivi terapeutici. Oggi \u00e8 una campionessa paralimpica con 1 oro e 5 bronzi, 7 ori mondiali e 7 ori europei, e una laurea magistrale da 110 e lode.\n \nA 14 anni, grazie al progetto Nuota con Noi, il nuoto diventa la sua passione e il suo sport. Racconta cosa significa gareggiare, come funziona la classificazione delle disabilit\u00e0, e quanto per lei sia fondamentale aver costruito una doppia carriera: sportiva e accademica.\n Monica ama la libert\u00e0 dell\u2019acqua, la genetica, i viaggi accessibili e da atleta \u00e8 anche madrina di Nuota con Noi, che porta lo sport nei reparti pediatrici e nelle scuole, per offrire nuove opportunit\u00e0 ad altri ragazzi.\n \nUna storia che va dritta al cuore, e nuota lontano.\n\nScopri di pi\u00f9 guardando e ascoltando l'ottava puntata della seconda stagione di Time to Move, ora disponibile sui nostri canali.\n                                            <\/div>\r\n                                        <\/div>\r\n                                    <\/div>\r\n                                <\/div> \r\n                            <!-- end item  -->\r\n                                                        <!-- start item  --> \r\n                         \r\n                                <div class=\"col-sm-6 col-md-6 col-lg-4\">\r\n                                    <div class=\"ttm_video_grid_item\">\r\n                                        <div class=\"ttm_video_iframe\"> \r\n                                        \r\n                                            <iframe src=\"https:\/\/www.youtube.com\/embed\/MLec44ap0fo\"\r\n                                                title=\"TOMMASO ARRIGONI for #HOSCELTOMILANO\" frameborder=\"0\"\r\n                                                allow=\"accelerometer; autoplay; clipboard-write; encrypted-media; gyroscope; picture-in-picture; web-share\" referrerpolicy=\"strict-origin-when-cross-origin\" allowfullscreen>\r\n                                            <\/iframe>\r\n\r\n                                            \r\n                                        <\/div>\r\n                                        <div class=\"ttm_video_contents\">\r\n                                            <h5>episodio -9 <\/h5>\r\n                                            <h4> Alice Cagliani - Offtryp <\/h4>\r\n                                            <div class=\"ttm_video_p_title\">\r\n                                                <p>Offtryp, Alice e la rivoluzione del travel planning digitale<\/p>\r\n                                            <\/div>\r\n                                            <div class=\"ttm_video_content\">\r\n                                                Dopo aver viaggiato in pi\u00f9 di 80 paesi, Alice Cagliani ha capito che il suo destino era legato al viaggio. Cos\u00ec \u00e8 nata \u2060Offtryp\u2060, la piattaforma online che unisce il meglio del know-how locale con l\u2019intelligenza artificiale per creare viaggi tailor made.\n\nCon 55 paesi coperti, Offtryp usa un database che mescola l\u2019esperienza diretta dei viaggiatori e i corrispondenti locali, per offrire itinerari pi\u00f9 veloci, pi\u00f9 semplici e personalizzati. \nUna soluzione pensata da Alice e i suoi soci co-founder, non solo per agevolare la pianificazione dei clienti privati, ma anche per integrare le agenzie di viaggio, velocizzando il processo e migliorando la qualit\u00e0 dell\u2019esperienza.\n\nScopri guardando e ascoltando la nona puntata di Time to Move come \u2060Offtryp\u2060 sta cambiando il modo di viaggiare. Ora disponibile sui nostri canali.\n                                            <\/div>\r\n                                        <\/div>\r\n                                    <\/div>\r\n                                <\/div> \r\n                            <!-- end item  -->\r\n                                                        <!-- start item  --> \r\n                         \r\n                                <div class=\"col-sm-6 col-md-6 col-lg-4\">\r\n                                    <div class=\"ttm_video_grid_item\">\r\n                                        <div class=\"ttm_video_iframe\"> \r\n                                        \r\n                                            <iframe src=\"https:\/\/www.youtube.com\/embed\/Mr_MtKPIKxQ\"\r\n                                                title=\"TOMMASO ARRIGONI for #HOSCELTOMILANO\" frameborder=\"0\"\r\n                                                allow=\"accelerometer; autoplay; clipboard-write; encrypted-media; gyroscope; picture-in-picture; web-share\" referrerpolicy=\"strict-origin-when-cross-origin\" allowfullscreen>\r\n                                            <\/iframe>\r\n\r\n                                            \r\n                                        <\/div>\r\n                                        <div class=\"ttm_video_contents\">\r\n                                            <h5>episodio -10 <\/h5>\r\n                                            <h4> Maria Dolores Secco <\/h4>\r\n                                            <div class=\"ttm_video_p_title\">\r\n                                                <p>Rompere il Silenzio, Ricominciare dalla Verit\u00e0 <\/p>\r\n                                            <\/div>\r\n                                            <div class=\"ttm_video_content\">\r\n                                                Maria Dolores si definisce un\u2019artista della vita. Autrice di romanzi, mamma di 3 figli maschi, pittrice e chitarrista, ha usato la scrittura per trasformare il dolore subito in un messaggio di speranza. Dopo aver vissuto la violenza, condivide con altre donne il suo vissuto e scopre che questa lotta \u00e8 pi\u00f9 grande di quanto potesse immaginare.\nCrede nella lotta per la parit\u00e0 dei sessi e contro ogni forma di violenza, in particolare quella che ancora rimane nascosta nelle piccole realt\u00e0. Racconta di come l'omert\u00e0 soffochi il cambiamento, ma anche di come il dialogo e la denuncia siano vitali per rompere il silenzio.\n\nOggi Maria Dolores \u00e8 una voce nelle scuole, invitando a parlare, a chiedere aiuto, a lottare per un futuro pi\u00f9 libero.\nLeggi la Legge dei 40 giorni. Una storia di coraggio, verit\u00e0 e cambiamento. \n\nScopri di pi\u00f9 guardando e ascoltando la decima  puntata di Time to Move ora disponibile sui nostri canali.\n\n                                            <\/div>\r\n                                        <\/div>\r\n                                    <\/div>\r\n                                <\/div> \r\n                            <!-- end item  -->\r\n                                                        <!-- start item  --> \r\n                         \r\n                                <div class=\"col-sm-6 col-md-6 col-lg-4\">\r\n                                    <div class=\"ttm_video_grid_item\">\r\n                                        <div class=\"ttm_video_iframe\"> \r\n                                        \r\n                                            <iframe src=\"https:\/\/www.youtube.com\/embed\/wXCCz92uQhY\"\r\n                                                title=\"TOMMASO ARRIGONI for #HOSCELTOMILANO\" frameborder=\"0\"\r\n                                                allow=\"accelerometer; autoplay; clipboard-write; encrypted-media; gyroscope; picture-in-picture; web-share\" referrerpolicy=\"strict-origin-when-cross-origin\" allowfullscreen>\r\n                                            <\/iframe>\r\n\r\n                                            \r\n                                        <\/div>\r\n                                        <div class=\"ttm_video_contents\">\r\n                                            <h5>episodio -11 <\/h5>\r\n                                            <h4> Regina Baresi <\/h4>\r\n                                            <div class=\"ttm_video_p_title\">\r\n                                                <p>Il mondo visto con gli occhi di un capitano<\/p>\r\n                                            <\/div>\r\n                                            <div class=\"ttm_video_content\">\r\n                                                Da sempre innamorata del calcio, Regina ha seguito le orme del pap\u00e0, nonostante i pregiudizi sul calcio considerato sport solo per maschi. \n\nNel 2013 conquista la Serie A2 e arriva in Serie A, indossando la maglia numero 9 (per Ronaldo, ovviamente). Portare il cognome Baresi non \u00e8 mai stato facile, ma ha trasformato questa sfida in forza.\nIl calcio femminile cresce: dopo il Mondiale del 2017 l\u2019Italia ha mostrato al mondo il suo potenziale, arrivando ai quarti di finale e ancora di pi\u00f9 in questo europeo conquistando la semifinale. Il movimento \u00e8 in continua espansione, e sempre pi\u00f9 bambine iniziano a giocare.\n\nDa capitano, Regina \u00e8 un punto di riferimento nello spogliatoio: capace di tenere unita la squadra nei momenti difficili e di condividere le gioie della vittoria.\nOltre al calcio, la passione per i viaggi l\u2019ha portata anche a Cuba, dove ha vissuto un\u2019esperienza indimenticabile.\nUna storia di passione, leadership e sogni realizzati.\n\nScopri di pi\u00f9 guardando e ascoltando l\u2019undicesima e ultima puntata di Time to Move sui nostri canali.\n                                            <\/div>\r\n                                        <\/div>\r\n                                    <\/div>\r\n                                <\/div> \r\n                            <!-- end item  -->\r\n                             \r\n\r\n            <\/div>\r\n        <\/div>\r\n    <\/section>\r\n\r\n\r\n\r\n \r\n\r\n\r\n<!-- time to move top  --> \r\n\r\n<section class=\"ttm_social_info\" id=\"\">\r\n        <div class=\"container\">\r\n            <div class=\"ttm_social_els d-flex flex-column\">\r\n                <div class=\"ttm_social_contents_el\">\r\n                    <h4>You can watch the episodes on:<\/h4>\r\n                    <div class=\"ttm_social_el_cnt d-flex flex-column\">\r\n\r\n                                                <!-- start item  -->\r\n                            <div>\r\n                                <span> Youtube <\/span>   \r\n                                <span>\r\n                                    <a href=\"http:\/\/www.youtube.com\/@moveviaggi499\">\r\n                                        http:\/\/www.youtube.com\/@moveviaggi499                                    <\/a>\r\n                                <\/span>\r\n                            <\/div>\r\n                            <!-- end item  -->\r\n                            \r\n\r\n                    <\/div>\r\n                <\/div>\r\n                <div class=\"ttm_social_contents_el\">\r\n                    <h4>and listen to them on:<\/h4>\r\n                    <div class=\"ttm_social_el_cnt d-flex flex-column\"> \r\n\r\n                                                <!-- start item  -->\r\n                                <div>\r\n                                    <span> Spotify: <\/span>\r\n                                    <span>\r\n                                        <a href=\"https:\/\/podcasters.spotify.com\/pod\/show\/move-viaggi\">\r\n                                            https:\/\/podcasters.spotify.com\/pod\/show\/move-viaggi                                        <\/a>\r\n                                    <\/span>\r\n                                <\/div>     \r\n                            <!-- end item  -->\r\n                                                        <!-- start item  -->\r\n                                <div>\r\n                                    <span> Apple : <\/span>\r\n                                    <span>\r\n                                        <a href=\"https:\/\/podcasts.apple.com\/...\/time-to-move\/id1754178464\">\r\n                                            https:\/\/podcasts.apple.com\/...\/time-to-move\/id1754178464                                        <\/a>\r\n                                    <\/span>\r\n                                <\/div>     \r\n                            <!-- end item  -->\r\n                                                \r\n                    <\/div>\r\n                <\/div>\r\n            <\/div>\r\n        <\/div>\r\n<\/section>\r\n\r\n<\/div><\/div><\/div><div class=\"wpb_column vc_column_container vc_col-sm-12\"><div class=\"vc_column-inner\"><div class=\"wpb_wrapper\"><\/div><\/div><\/div><div class=\"wpb_column vc_column_container vc_col-sm-12\"><div class=\"vc_column-inner\"><div class=\"wpb_wrapper\"><\/div><\/div><\/div><\/div><div class=\"vc_row-full-width vc_clearfix\"><\/div>\n<\/div>","protected":false},"excerpt":{"rendered":"<p> [&#8230;]<\/p>\n<p><a class=\"btn btn-secondary redapple-read-more-link\" href=\"https:\/\/moveviaggi.com\/en\/time-to-move\/\">Read More&#8230;<\/a><\/p>\n","protected":false},"author":3,"featured_media":0,"parent":0,"menu_order":0,"comment_status":"closed","ping_status":"closed","template":"","meta":{"_acf_changed":false,"footnotes":""},"class_list":["post-72","page","type-page","status-publish","hentry"],"acf":[],"_links":{"self":[{"href":"https:\/\/moveviaggi.com\/en\/wp-json\/wp\/v2\/pages\/72","targetHints":{"allow":["GET"]}}],"collection":[{"href":"https:\/\/moveviaggi.com\/en\/wp-json\/wp\/v2\/pages"}],"about":[{"href":"https:\/\/moveviaggi.com\/en\/wp-json\/wp\/v2\/types\/page"}],"author":[{"embeddable":true,"href":"https:\/\/moveviaggi.com\/en\/wp-json\/wp\/v2\/users\/3"}],"replies":[{"embeddable":true,"href":"https:\/\/moveviaggi.com\/en\/wp-json\/wp\/v2\/comments?post=72"}],"version-history":[{"count":56,"href":"https:\/\/moveviaggi.com\/en\/wp-json\/wp\/v2\/pages\/72\/revisions"}],"predecessor-version":[{"id":1762,"href":"https:\/\/moveviaggi.com\/en\/wp-json\/wp\/v2\/pages\/72\/revisions\/1762"}],"wp:attachment":[{"href":"https:\/\/moveviaggi.com\/en\/wp-json\/wp\/v2\/media?parent=72"}],"curies":[{"name":"wp","href":"https:\/\/api.w.org\/{rel}","templated":true}]}}